{"id":68,"date":"2018-04-12T11:46:01","date_gmt":"2018-04-12T11:46:01","guid":{"rendered":"http:\/\/grupoinvestigacion.edu-desarrollo.umh.es\/?page_id=68"},"modified":"2024-12-12T16:54:48","modified_gmt":"2024-12-12T16:54:48","slug":"publicaciones","status":"publish","type":"page","link":"https:\/\/demogob.umh.es\/en\/publicaciones\/","title":{"rendered":"Publicaciones"},"content":{"rendered":"<p>[et_pb_section fb_built=&#8221;1&#8243; custom_padding_last_edited=&#8221;on|desktop&#8221; admin_label=&#8221;section&#8221; _builder_version=&#8221;4.16&#8243; background_image=&#8221;http:\/\/demogob.umh.es\/files\/2018\/04\/globo-umh-bueno-.jpg&#8221; custom_padding=&#8221;||90px|&#8221; custom_padding_tablet=&#8221;50px|0|50px|0&#8243; transparent_background=&#8221;off&#8221; padding_mobile=&#8221;off&#8221; make_fullwidth=&#8221;off&#8221; use_custom_width=&#8221;off&#8221; width_unit=&#8221;on&#8221; global_colors_info=&#8221;{}&#8221; custom_padding_phone=&#8221;50px|0|50px|0&#8243;][et_pb_row padding_mobile=&#8221;off&#8221; column_padding_mobile=&#8221;on&#8221; admin_label=&#8221;row&#8221; _builder_version=&#8221;4.16&#8243; background_color=&#8221;rgba(216,216,216,0.48)&#8221; background_size=&#8221;initial&#8221; background_position=&#8221;top_left&#8221; background_repeat=&#8221;repeat&#8221; custom_padding=&#8221;0px|||&#8221; make_fullwidth=&#8221;off&#8221; use_custom_width=&#8221;off&#8221; width_unit=&#8221;on&#8221; global_colors_info=&#8221;{}&#8221;][et_pb_column type=&#8221;4_4&#8243; _builder_version=&#8221;4.16&#8243; custom_padding=&#8221;|||&#8221; global_colors_info=&#8221;{}&#8221; custom_padding__hover=&#8221;|||&#8221;][et_pb_text admin_label=&#8221;Texto&#8221; _builder_version=&#8221;4.16&#8243; background_size=&#8221;initial&#8221; background_position=&#8221;top_left&#8221; background_repeat=&#8221;repeat&#8221; text_orientation=&#8221;center&#8221; background_layout=&#8221;dark&#8221; module_alignment=&#8221;center&#8221; custom_margin=&#8221;||20px|&#8221; use_border_color=&#8221;off&#8221; border_color=&#8221;#ffffff&#8221; border_style=&#8221;solid&#8221; global_colors_info=&#8221;{}&#8221;]<\/p>\n<h2 id=\"title\" style=\"text-align: center\"><span style=\"font-size: 36pt;color: #ffffff\">Publicaciones<\/span><\/h2>\n<p>[\/et_pb_text][\/et_pb_column][\/et_pb_row][\/et_pb_section][et_pb_section fb_built=&#8221;1&#8243; fullwidth=&#8221;on&#8221; custom_padding_last_edited=&#8221;on|desktop&#8221; admin_label=&#8221;Secci\u00f3n&#8221; _builder_version=&#8221;4.16&#8243; custom_padding_tablet=&#8221;50px|0|50px|0&#8243; transparent_background=&#8221;off&#8221; padding_mobile=&#8221;off&#8221; make_fullwidth=&#8221;off&#8221; use_custom_width=&#8221;off&#8221; width_unit=&#8221;on&#8221; global_colors_info=&#8221;{}&#8221; custom_padding_phone=&#8221;50px|0|50px|0&#8243;][et_pb_fullwidth_menu menu_id=&#8221;81&#8243; submenu_direction=&#8221;downwards&#8221; fullwidth_menu=&#8221;off&#8221; admin_label=&#8221;Men\u00fa de anchura completa&#8221; _builder_version=&#8221;4.16&#8243; menu_font=&#8221;|on|||&#8221; menu_text_color=&#8221;#000000&#8243; background_color=&#8221;#ededed&#8221; text_orientation=&#8221;center&#8221; global_colors_info=&#8221;{}&#8221;][\/et_pb_fullwidth_menu][\/et_pb_section][et_pb_section fb_built=&#8221;1&#8243; admin_label=&#8221;section&#8221; _builder_version=&#8221;4.16&#8243; global_colors_info=&#8221;{}&#8221;][et_pb_row admin_label=&#8221;row&#8221; _builder_version=&#8221;4.16&#8243; background_size=&#8221;initial&#8221; background_position=&#8221;top_left&#8221; background_repeat=&#8221;repeat&#8221; global_colors_info=&#8221;{}&#8221;][et_pb_column type=&#8221;4_4&#8243; _builder_version=&#8221;4.16&#8243; custom_padding=&#8221;|||&#8221; global_colors_info=&#8221;{}&#8221; custom_padding__hover=&#8221;|||&#8221;][et_pb_text admin_label=&#8221;Texto&#8221; _builder_version=&#8221;4.16&#8243; background_size=&#8221;initial&#8221; background_position=&#8221;top_left&#8221; background_repeat=&#8221;repeat&#8221; use_border_color=&#8221;off&#8221; border_color=&#8221;#ffffff&#8221; border_style=&#8221;solid&#8221; global_colors_info=&#8221;{}&#8221;]<\/p>\n<h5 style=\"text-align: justify\">Informaci\u00f3n sobre Publicaciones<\/h5>\n<p>ORDEN CRONOL\u00d3GICO (2016-2020)<\/p>\n<p><strong><span style=\"text-decoration: underline\">2020<\/span><\/strong><\/p>\n<p>Abell\u00e1n, M.A. y Belmonte, I. (2020). \u201cSistema pol\u00edtico y rendici\u00f3n de cuentas:\u00a0el caso de un \u00f3rgano de control externo auton\u00f3mico\u201d. En Belmonte. I. (dir.). <em>El sistema pol\u00edtico Espa\u00f1ol entre la memoria y el devenir<\/em>. Valencia: Tirant Lo Blanch, 256-276.<\/p>\n<p>Conejero, E. y Segura, M.C. (2020). \u201cGobernanza Global y Objetivos de Desarrolla Sostenible en Espa\u00f1a\u201d. <em>Revista 3C<\/em>, 5, 137-155.<\/p>\n<p>Conejero, E. y Segura, M.C. (2020). Los gobiernos de coalici\u00f3n en acci\u00f3n. El caso de la provincia de Alicante durante el per\u00edodod2015-2019. <em>Corts. Anuari de Dret Paralamentari<\/em>, 33, 281-309.<\/p>\n<p>Conejero, E. y Segura, M. C. (2020). \u201cPol\u00edticas de envejecimiento y Objetivos de Desarrollo Sostenible\u201d. En Rodr\u00edguez-Mar\u00edn, J. y Sitges, E. (coords.). <em>Perspectivas de estudio en Gerontolog\u00eda y Salud en el siglo XXI<\/em>. Valencia: Tirant Lo Blanch, 697-743.<\/p>\n<p>Rodr\u00edguez-Blanco, V. (2020). \u201cEl nuevo R\u00e9gimen Jur\u00eddico de los funcionarios de Administraci\u00f3n Local con habilitaci\u00f3n de car\u00e1cter nacional; una reforma incompleta\u201d. En Nicasio, B. y P\u00e9rez, M. <em>Defender la democracia<\/em>, Valencia: Tirant Lo Blanch, 339-378.<\/p>\n<p>Ruiz, A.M.; Romero, D.; Belmonte, I. Ferri. E.; Lara, A.; Humlebaek, C.; Aquino, N. (2020). \u201cLa cohesi\u00f3n territorial a trav\u00e9s de la identidad nacional:\u00a0el bienestar como elemento vertebrador de Espa\u00f1a\u201d. <em>Colecci\u00f3n Actualidad<\/em>, 83, 1-22.<\/p>\n<p><strong><span style=\"text-decoration: underline\">2019<\/span><\/strong><\/p>\n<p>Abell\u00e1n, M.A.; Pardo, G. y Belmonte, I. (2019). \u201cEstilo de liderazgo en un \u00f3rgano de control externo. El caso de la Sindicatura de Comptes de la Comunitat Valenciana\u201d. <em>Revista Espa\u00f1ola de Control Externo<\/em>, 21(63), 88-105.<\/p>\n<p>Belmonte, I. (2019). \u201cPoniendo el foco en el gobierno abierto:\u00a0participaci\u00f3n, transparencia y colaboraci\u00f3n entre instituciones p\u00fablicas\u201d. En Calabuig, M.A. y Sanjuan, F. (dirs.). <em>Democracia participativa en perspectiva multinivel<\/em>. M\u00e1laga: Comares, 63-72.<\/p>\n<p>Conejero, E. y Segura, M.C. (2019). \u201cEvaluando la seguridad vial: el caso del carn\u00e9 por puntos en Espa\u00f1a\u201d. <em>Bolet\u00edn Cient\u00edfico Sapiens Research<\/em>, 9(2), 33-40.<\/p>\n<p>Nogu\u00e9s, A.M. y Belmonte, I. (2019). \u201cComunicaci\u00f3n y acci\u00f3n pol\u00edtica\u201d. <em>Miguel Hern\u00e1ndez Communication Journal<\/em>, 10, 13-17.<\/p>\n<p>Rodr\u00edguez-Blanco, V. (2019). \u201cEl car\u00e1cter bifronte del poder judicial. Una mirada a la Administraci\u00f3n de Justicia en la Comunitat Valenciana\u201d. <em>Anals de la Real Acad\u00e8mia de Cultura Valenciana<\/em>, 94. 263-284.<\/p>\n<p>Sebasti\u00e1n, L.; Rodr\u00edguez-Blanco, V y Alegre, S. (2019). \u201cEstudio del clivaje valencianista y resultados de las elecciones auton\u00f3micas valencianas de 2019\u201d. <em>Corts. Anuari de Dret Parlamentari<\/em>, 32, 187-243.<\/p>\n<p><strong><span style=\"text-decoration: underline\">2018<\/span><\/strong><\/p>\n<p>Belmonte, I. (2018). \u201cLa transparencia: concepto, caracter\u00edsticas, contenido y elementos constitutivos\u201d. En Canales, J.M y Valencia, A. <em>Estrategias para la calidad y la regeneraci\u00f3n de la democracia<\/em>, M\u00e1laga: Comares, 33-50.<\/p>\n<p>Belmonte, I. (2018). \u201cLa rendici\u00f3n de cuentas (la Accountability): concepto, caracter\u00edsticas, contenido, y elementos constitutivos\u201d. En Canales, J.M y Valencia, A. <em>Estrategias para la calidad y la regeneraci\u00f3n de la democracia<\/em>, M\u00e1laga: Comares, 169-186.<\/p>\n<p>Belmonte, I. y Tuffe, G. (2018). \u201cLas pol\u00edticas p\u00fablicas locales de vivienda para personas refugiadas\u201d. En Mart\u00ednez, J.M. y Moreno, J.M. (coords.) <em>Comprender el presente, imaginar el futuro: nuevas y viejas brechas sociales<\/em>. Italia: Corisco Edizione: 512-524.<\/p>\n<p>Sitges, E.; Segura, M.C. y Conejero, E. (2018). \u201cChallenges of the Aging Policies in Spain, Humanities and Social Science\u201d, 6(5), 143-149.<\/p>\n<p><strong><span style=\"text-decoration: underline\">2017<\/span><\/strong><\/p>\n<p>Conejero, E. (2017). \u201cInnovaci\u00f3n social y nuevos modelos de gobernanza para la provisi\u00f3n de bienes y servicios p\u00fablicos\u201d. <em>Estado, Gobierno y Gesti\u00f3n P\u00fablica. Revista Chilena de Administraci\u00f3n P\u00fablica<\/em>, 27, 5-39.<\/p>\n<p>Belmonte, I. (2017). \u201cLa gesti\u00f3n estrat\u00e9gica de los recursos humanos en las administraciones p\u00fablicas\u201d. Blasco, C.\u00a0 (dir.) <em>Empleo y productividad en el sector p\u00fablico y en el privado: Valoraci\u00f3n, retos y oportunidades <\/em>\/ Carolina Blasco Jover Valencia: Tirant Lo Blanch. 279-296.<\/p>\n<p>Rodr\u00edguez-Blanco, V. (2017). <em>La politizaci\u00f3n de la Justicia, claves de una realidad<\/em>. Valencia: Tirant Lo Blanch.<\/p>\n<p><strong><span style=\"text-decoration: underline\">2016.<\/span><\/strong><\/p>\n<p>Belmonte, I. (2016). \u201cLa representaci\u00f3n pol\u00edtica de las mujeres en los parlamentos nacionales. Algunos apuntes sobre la influencia de los sistemas electorales\u201d. En Aznar, J. y Belmonte, I. (ed.). <em>Las Pol\u00edticas P\u00fablicas de Igualdad: una visi\u00f3n calidosc\u00f3pica<\/em>. Elche: Editorial UMH.<\/p>\n<p>Belmonte, I. (2016). \u201cDe la opacidad a la cultura de la transparencia y de la rendici\u00f3n de cuentas. Una aproximaci\u00f3n a la visibilizaci\u00f3n de los lobbies para la regeneraci\u00f3n democr\u00e1tica\u201d. En Calabuig, M.A.; Sanjuan, F. y Tur, R. (dirs.). <em>Poderes p\u00fablicos y privados ante la regeneraci\u00f3n constitucional democr\u00e1tic<\/em>a. Madrid: Dykinson, 251-266.<\/p>\n<p>Belmonte, I. (2016). <em>La modernizaci\u00f3n de la gesti\u00f3n tributaria local en Espa\u00f1a: El caso de Suma Gesti\u00f3n Tributaria de la Diputaci\u00f3n de Alicante<\/em>. Madrid: INAP.<\/p>\n<p>Conejero, E. y Lebrero, J.C. (2016). \u201cLa innovaci\u00f3n social desde el \u00e1mbito p\u00fablico: Conceptos, experiencias y obst\u00e1culos\u201d. <em>Gesti\u00f3n y An\u00e1lisis de Pol\u00edticas P\u00fablicas<\/em>, 8(15), 23-42.<\/p>\n<p>Conejero, E. y Poveda, M.J. (2016). <em>Gobernanza local y pol\u00edticas patrimoniales: El caso de Orihuela<\/em>. <em>Revista de Estudios de la Administraci\u00f3n Auton\u00f3mica y Local<\/em>, 5, 138-152.<\/p>\n<p>Segura, M.C. y Conejero, E. (2016). \u201cPol\u00edticas de envejecimiento: \u00bfun dilema sin resolver?\u201d <em>Revista 3C<\/em>, 5(4), pp. 58-64.<br \/>\n[\/et_pb_text][\/et_pb_column][\/et_pb_row][\/et_pb_section][et_pb_section fb_built=&#8221;1&#8243; custom_padding_last_edited=&#8221;on|desktop&#8221; admin_label=&#8221;Secci\u00f3n&#8221; _builder_version=&#8221;4.16&#8243; background_image=&#8221;http:\/\/demogob.umh.es\/files\/2018\/04\/Playa_Manantial-2.jpg&#8221; custom_padding=&#8221;50px||50px|&#8221; custom_padding_tablet=&#8221;50px|0|50px|0&#8243; transparent_background=&#8221;off&#8221; padding_mobile=&#8221;off&#8221; make_fullwidth=&#8221;off&#8221; use_custom_width=&#8221;off&#8221; width_unit=&#8221;on&#8221; global_colors_info=&#8221;{}&#8221; custom_padding_phone=&#8221;50px|0|50px|0&#8243;][et_pb_row admin_label=&#8221;Fila&#8221; _builder_version=&#8221;4.16&#8243; background_size=&#8221;initial&#8221; background_position=&#8221;top_left&#8221; background_repeat=&#8221;repeat&#8221; global_colors_info=&#8221;{}&#8221;][et_pb_column type=&#8221;4_4&#8243; _builder_version=&#8221;4.16&#8243; custom_padding=&#8221;|||&#8221; global_colors_info=&#8221;{}&#8221; custom_padding__hover=&#8221;|||&#8221;][et_pb_text admin_label=&#8221;Texto&#8221; _builder_version=&#8221;4.16&#8243; background_size=&#8221;initial&#8221; background_position=&#8221;top_left&#8221; background_repeat=&#8221;repeat&#8221; text_orientation=&#8221;center&#8221; background_layout=&#8221;dark&#8221; module_alignment=&#8221;center&#8221; custom_margin=&#8221;||0px|&#8221; custom_padding=&#8221;||5px|&#8221; use_border_color=&#8221;off&#8221; border_color=&#8221;#ffffff&#8221; border_style=&#8221;solid&#8221; global_colors_info=&#8221;{}&#8221;]<\/p>\n<h2>Publicaciones<\/h2>\n<p>[\/et_pb_text][\/et_pb_column][\/et_pb_row][\/et_pb_section][et_pb_section fb_built=&#8221;1&#8243; fullwidth=&#8221;on&#8221; admin_label=&#8221;Secci\u00f3n&#8221; _builder_version=&#8221;4.16&#8243; global_colors_info=&#8221;{}&#8221;][et_pb_fullwidth_menu menu_id=&#8221;11&#8243; submenu_direction=&#8221;downwards&#8221; fullwidth_menu=&#8221;off&#8221; admin_label=&#8221;Men\u00fa de anchura completa&#8221; _builder_version=&#8221;4.16&#8243; menu_font=&#8221;|on|||&#8221; menu_text_color=&#8221;#000000&#8243; background_color=&#8221;#ededed&#8221; text_orientation=&#8221;center&#8221; global_colors_info=&#8221;{}&#8221;]\u00a0<br \/>\n[\/et_pb_fullwidth_menu][\/et_pb_section][et_pb_section fb_built=&#8221;1&#8243; admin_label=&#8221;section&#8221; _builder_version=&#8221;4.16&#8243; global_colors_info=&#8221;{}&#8221;][et_pb_row admin_label=&#8221;Fila&#8221; _builder_version=&#8221;4.16&#8243; background_size=&#8221;initial&#8221; background_position=&#8221;top_left&#8221; background_repeat=&#8221;repeat&#8221; global_colors_info=&#8221;{}&#8221;][et_pb_column type=&#8221;4_4&#8243; _builder_version=&#8221;4.16&#8243; custom_padding=&#8221;|||&#8221; global_colors_info=&#8221;{}&#8221; custom_padding__hover=&#8221;|||&#8221;][et_pb_text admin_label=&#8221;Texto&#8221; _builder_version=&#8221;4.16&#8243; background_size=&#8221;initial&#8221; background_position=&#8221;top_left&#8221; background_repeat=&#8221;repeat&#8221; use_border_color=&#8221;off&#8221; border_color=&#8221;#ffffff&#8221; border_style=&#8221;solid&#8221; global_colors_info=&#8221;{}&#8221;]<\/p>\n<h5 style=\"text-align: justify\"><strong>2016<\/strong><\/h5>\n<hr \/>\n<p>\u00a0<\/p>\n<ul>\n<li>Nogu\u00e9s-Pedregal, Antonio Miguel, Ana Myriam Seva-Llor; Daniel Camona Zubiri, Ra\u00fal Trav\u00e9 Molero, \u00c1ngela Bernabeu Sanz, Roland Calvo Calabuig, Elpidio del Campo Ca\u00f1izares, Eduardo Fern\u00e1ndez Jover, Olga Pellicer Porcar &amp; Santiago Canals (2016):\u00a0<a href=\"http:\/\/www.seaf.net\/images\/seaf\/papers\/vol37\/3-nogues.pdf\" target=\"_blank\" rel=\"noopener\">\u00abDe la cultura al cerebro y viceversa. Bit\u00e1cora de una exploraci\u00f3n en neuroantropolog\u00eda\u00bb<\/a>.\u00a0<a href=\"http:\/\/seaf.es\/index.php\/revista-reaf\" target=\"_blank\" rel=\"noopener\">Revista Espa\u00f1ola de Antropolog\u00eda F\u00edsica<\/a>, 37:28-42.<\/li>\n<\/ul>\n<ul>\n<li>Trav\u00e9-Molero, R., D. Carmona-Zubiri &amp; A.M. Nogu\u00e9s-Pedregal (2016):\u00a0<a href=\"https:\/\/www.researchgate.net\/publication\/311698439_Discursos_periodisticos_y_practicas_comunicativas_alrededor_del_turismo_El_caso_de_Portman_Region_de_Murcia\" target=\"_blank\" rel=\"noopener\">\u00abDiscursos period\u00edsticos y pr\u00e1cticas comunicativas alrededor del turismo. El caso de Portm\u00e1n (Regi\u00f3n de Murcia)\u00bb<\/a>.\u00a0<em><a href=\"http:\/\/www.antropologia.cat\/taxonomy\/term\/160\" target=\"_blank\" rel=\"noopener\">Quaderns del Institut Catal\u00e0 d\u2019Antropologia<\/a><\/em>, 32: 95-122<\/li>\n<\/ul>\n<ul style=\"text-align: justify\">\n<li>Nogu\u00e9s-Pedregal, A.M. (2016):\u00a0<a href=\"https:\/\/www.academia.edu\/32715646\/Entre_el_lentisco_y_la_jara._Cinco_conclusiones_socio-antropol%C3%B3gicas_sobre_el_turismo\" target=\"_blank\" rel=\"noopener\">\u00abEntre el lentisco y la jara. Cinco conclusiones socio-antropol\u00f3gicas sobre el turismo\u00bb<\/a>.\u00a0<em><a href=\"http:\/\/www.antropologia.cat\/taxonomy\/term\/160\" target=\"_blank\" rel=\"noopener\">Quaderns del Institut Catal\u00e0 d\u2019Antropologia<\/a><\/em>, 32: 29-50<\/li>\n<\/ul>\n<h5 style=\"text-align: justify\"><strong>2015<\/strong><\/h5>\n<hr \/>\n<p>\u00a0<\/p>\n<ul style=\"text-align: justify\">\n<li>Carmona-Zubiri, D., R. Trav\u00e9-Molero &amp; A.M. Nogu\u00e9s-Pedregal (2015):\u00a0<a href=\"http:\/\/www.revistaandaluzadeantropologia.org\/uploads\/raa\/n8\/nogues.pdf\" target=\"_blank\" rel=\"noopener\">\u00abLos misterios del patrimonio y el turismo en Elche. Lo global (UNESCO) en lo local (identidad)\u00bb<\/a>.\u00a0<a href=\"http:\/\/www.revistaandaluzadeantropologia.org\/\" target=\"_blank\" rel=\"noopener\"><em>Revista Andaluza de Antropolog\u00eda<\/em><\/a>, 8: 113-140<\/li>\n<\/ul>\n<h5 style=\"text-align: justify\"><strong>2014<\/strong><\/h5>\n<hr \/>\n<p>\u00a0<\/p>\n<ul style=\"text-align: justify\">\n<li>Soler-Garc\u00eda, C., E. Caballero-Segarra &amp; A.M. Nogu\u00e9s-Pedregal, coordinadores (2014):\u00a0<a href=\"http:\/\/culturdes.umh.es\/publicaciones\/cantera-debate\" target=\"_blank\" rel=\"noopener\"><em>Conversatorio sobre interculturalidad y desarrollo<\/em><\/a>.\u00a0<a href=\"http:\/\/culturdes.umh.es\/publicaciones\/cantera-editorial\" target=\"_blank\" rel=\"noopener\">Cantera Editorial<\/a>, Elche.<\/li>\n<\/ul>\n<h5 style=\"text-align: justify\"><strong>2013<\/strong><\/h5>\n<hr \/>\n<p>\u00a0<\/p>\n<ul style=\"text-align: justify\">\n<li>20. Caballero Segarra, E. C. G\u00f3mez S\u00e1nchez, C. Soler Garc\u00eda y A.M. Nogu\u00e9s Pedregal (2012):\u00a0<a href=\"https:\/\/www.academia.edu\/5839037\/El_debilitamiento_de_la_AOD_en_Espa%C3%B1a_vista_desde_el_contexto_universitario\" target=\"_blank\" rel=\"noopener\">\u00abEl debilitamiento de la AOD en Espa\u00f1a vista desde el contexto universitario\u00bb<\/a>. En\u00a0<em>Los nuevos retos para la investigaci\u00f3n en turismo y cooperaci\u00f3n<\/em>, I. Sariego L\u00f3pez (coord.), pp. 68-79. Escuela Universitaria de Turismo \u2018Altamira\u2019 CESTE, Santander.<\/li>\n<\/ul>\n<h5 style=\"text-align: justify\"><strong>2012<\/strong><\/h5>\n<hr \/>\n<p>\u00a0<\/p>\n<ul style=\"text-align: justify\">\n<li>Nogu\u00e9s-Pedregal, A.M. (Ed.) (2012):\u00a0<a href=\"http:\/\/culturdes.umh.es\/publicaciones\/book-culture-and-society-in-tourism-contexts\" target=\"_blank\" rel=\"noopener\"><em>Culture and Society in Tourism Contexts<\/em>.\u00a0<\/a>Bingley (UK): Emerald Group Publishing Limited.\n<ul>\n<li><a href=\"https:\/\/www.researchgate.net\/publication\/294573087_Introduction\" target=\"_blank\" rel=\"noopener\">Introduction<\/a><\/li>\n<li><a href=\"https:\/\/www.researchgate.net\/publication\/294573178_Conclusion_Sociocultural_Nature_and_Context_of_Tourism\" target=\"_blank\" rel=\"noopener\">Conclusi\u00f3n. Socio-cultural nature and context of tourism<\/a><\/li>\n<\/ul>\n<\/li>\n<\/ul>\n<ul style=\"text-align: justify\">\n<li>Nogu\u00e9s-Pedregal, A.M. (2012):\u00a0<a href=\"http:\/\/revistas.ucm.es\/index.php\/RASO\/article\/view\/40053\/38483\" target=\"_blank\" rel=\"noopener\">\u00abEl cronotopo del turismo: espacios y ritmos\u00bb<\/a>. &lt;<a href=\"http:\/\/revistas.ucm.es\/index.php\/RASO\" target=\"_blank\" rel=\"noopener\"><em>Revista de Antropolog\u00eda Social<\/em><\/a>, 21: 147-171, Universidad Complutense de Madrid. (ISSN 1131-558X)<\/li>\n<\/ul>\n<h5 style=\"text-align: justify\"><strong>2011<\/strong><\/h5>\n<hr \/>\n<p>\u00a0<\/p>\n<ul style=\"text-align: justify\">\n<li>Nogu\u00e9s-Pedregal, A.M. (2011): Traducci\u00f3n al castellano de\u00a0<a href=\"http:\/\/culturdes.umh.es\/publicaciones\/libro-lidiar-con-turistas-reacciones-europeas-al-turismo-en-masa\" target=\"_blank\" rel=\"noopener\"><em>Lidiar con turistas. Reacciones europeas al turismo de masas<\/em><\/a>\u00a0(Jeremy Boissevain, Ed. Bellaterra, Barcelona, 2011) (ISBN 978-84-7290-554-2)<\/li>\n<\/ul>\n<ul style=\"text-align: justify\">\n<li>Caballero-Segarra, E., C. Soler-Garc\u00eda &amp; A.M. Nogu\u00e9s-Pedregal (2011):\u00a0<a href=\"https:\/\/www.academia.edu\/1218049\/CULTURDES_UMH_el_desarrollo_de_acciones_para_mejorar_los_instrumentos_de_la_cooperaci%C3%B3n_internacional_desde_un_grupo_de_investigaci%C3%B3n_universitario\" target=\"_blank\" rel=\"noopener\">\u00abCULTURDES \u2013 UMH: el desarrollo de acciones para mejorar los instrumentos de la cooperaci\u00f3n internacional desde un grupo de investigaci\u00f3n universitario\u00bb<\/a>. Comunicaci\u00f3n presentada en el\u00a0<em>V Congreso Universidad y Cooperaci\u00f3n<\/em>\u00a0celebrado en C\u00e1diz del 6 al 8 de abril de 2011.<\/li>\n<\/ul>\n<h5 style=\"text-align: justify\"><strong>2010<\/strong><\/h5>\n<hr \/>\n<p>\u00a0<\/p>\n<ul style=\"text-align: justify\">\n<li>Soler-Garc\u00eda, C., E. Caballero-Segarra &amp; A.M. Nogu\u00e9s-Pedregal (2010):\u00a0<a href=\"https:\/\/www.academia.edu\/1217830\/Cultura_turismo_y_desarrollo_o_c%C3%B3mo_la_cultura_se_diluye_con_el_patrimonio_cultural\" target=\"_blank\" rel=\"noopener\">\u00abCultura, turismo y desarrollo o c\u00f3mo la cultura se diluye con el patrimonio cultural en contextos de desarrollo\u00bb<\/a>, En Actas del\u00a0<a href=\"http:\/\/www.patrimonioydesarrollo.es\/\" target=\"_blank\" rel=\"noopener\">IV Congreso Internacional de Patrimonio Cultural y Cooperaci\u00f3n al Desarrollo<\/a>, p\u00e1gs. 389-394. Instituto Andaluz del Patrimonio Hist\u00f3rico \u2013 IAPH \u2013 Sevilla (ISBN:978-84-482-4011-0).<\/li>\n<\/ul>\n<ul style=\"text-align: justify\">\n<li>Nogu\u00e9s-Pedregal, A.M., E. Caballero-Segarra, E. &amp; C. Soler-Garc\u00eda (2010):\u00a0<a href=\"https:\/\/www.academia.edu\/542623\/Turismo_y_cooperaci%C3%B3n_al_desarrollo_qu%C3%A9_papel_desempe%C3%B1a_la_cultura_en_esta_relaci%C3%B3n\" target=\"_blank\" rel=\"noopener\">\u00abTurismo y (cooperaci\u00f3n al) desarrollo: qu\u00e9 papel desempe\u00f1a la cultura en esta relaci\u00f3n\u00bb<\/a>. En M. Nel\u00b7lo (coord.) Actas\u00a0<a href=\"http:\/\/congrescoodtur.org\/2009\/es\/\" target=\"_blank\" rel=\"noopener\">I Congreso COODTUR \u2013 Red Internacional de Investigadores en Turismo, Cooperaci\u00f3n y Desarrollo<\/a>. Universitat Rovira i Virigili, Tarragona (ISBN: 978-84-693-8085-7).<\/li>\n<\/ul>\n<ul style=\"text-align: justify\">\n<li>Nogu\u00e9s-Pedregal, A.M. &amp; D. Carmona-Zubiri (2010):\u00a0<a href=\"http:\/\/demogob.umh.es\/files\/2015\/04\/2010_abstract_Goteborg.pdf\" target=\"_blank\" rel=\"noopener\">\u201cHistory and meaning in tourism contexts. The case of a two World Heritage city\u201d<\/a>. Paper presented at the\u00a0<a href=\"http:\/\/www.isa-sociology.org\/congress2010\/\" target=\"_blank\" rel=\"noopener\">XVII World Congress of Sociology<\/a>\u00a0(G\u00f6teborg \u2013 Sweden, july 2010).<\/li>\n<\/ul>\n<ul style=\"text-align: justify\">\n<li>Carmona-Zubiri, D, &amp; A.M. Nogu\u00e9s-Pedregal (2010):\u00a0<a href=\"http:\/\/culturdes.umh.es\/files\/2010\/07\/2010_%C3%89vora.pdf\" target=\"_blank\" rel=\"noopener\"><em>Coping with two World Heritages. The Unesco declarations and local identity in Elche<\/em><\/a>. En\u00a0<em>Heritage 2010. Heritage and sustainable development<\/em>, R. Am\u00f4eda, S. Liria y C. Pinheiro (coords.) Vol2, , p\u00e1gs. 769-776. Green Lines Instituto para o Desenvolvimento Sustent\u00e1vel, Barcelos \u2013 Portugal (ISBN 978-989-95671-3-9). (Paper presented at the\u00a0<a href=\"http:\/\/www.heritage2010.greenlines-institute.org\/\" target=\"_blank\" rel=\"noopener\">II Heritage and sustainable development<\/a>\u00a0(\u00c9vora \u2013 Portugal, junio 2010).<\/li>\n<\/ul>\n<h5 style=\"text-align: justify\"><strong>2009<\/strong><\/h5>\n<hr \/>\n<p>\u00a0<\/p>\n<ul style=\"text-align: justify\">\n<li>Nogu\u00e9s-Pedregal, A.M. (Coord.) (2009):\u00a0<a href=\"http:\/\/pasosonline.org\/Publicados\/7109\/PS0109_4.pdf\" target=\"_blank\" rel=\"noopener\">\u201cGenealog\u00eda de la dif\u00edcil relaci\u00f3n entre antropolog\u00eda social y turismo\u201d<\/a>.\u00a0<a href=\"http:\/\/www.pasosonline.org\/\" target=\"_blank\" rel=\"noopener\">Pasos. Revista de turismo y patrimonio cultural<\/a>, 7(1): 43-56, Universidad de La Laguna. (ISSN 1695-7121)<\/li>\n<\/ul>\n<ul style=\"text-align: justify\">\n<li>Jacobsen, J.Kr.S., L. Selstad y A.M. Nogu\u00e9s-Pedregal (2009):\u00a0<a href=\"http:\/\/dx.doi.org\/10.1080\/14766820903259501\" target=\"_blank\" rel=\"noopener\">\u201cIntroverts abroad? Long-term visitors\u2019 adaptations to the multicultural tourism context of Costa Blanca, Spain\u201d<\/a>\u201c.\u00a0<a href=\"http:\/\/www.tandf.co.uk\/journals\/rtcc\" target=\"_blank\" rel=\"noopener\"><em>Journal of Tourism and Cultural Change<\/em><\/a>, 7(3):190-202, 2009 (ISSN 1747-7654).<\/li>\n<\/ul>\n<ul style=\"text-align: justify\">\n<li>Nogu\u00e9s-Pedregal, A.M. (2009):\u00a0<a href=\"http:\/\/demogob.umh.es\/files\/2010\/07\/2009_Ocio_Fin_campesinado.pdf\" target=\"_blank\" rel=\"noopener\">\u201cOcio y tiempo festivo: del trabajo de sol a sol a la imperiosa necesidad de vacaciones\u201d<\/a>.\u00a0<em>En<\/em>\u00a0S. Rodr\u00edguez Becerra y C. Mac\u00edas S\u00e1nchez (coords),\u00a0<a href=\"http:\/\/www.centrodeestudiosandaluces.es\/?mod=publicaciones&amp;id=2412&amp;cat=42&amp;idm=\" target=\"_blank\" rel=\"noopener\"><em>El fin del campesinado: transformaciones culturales de la sociedad rural andaluza en la segunda mitad del siglo XX<\/em><\/a>. Pp. 195-218. Centro de Estudios Andaluces-Junta de Andaluc\u00eda, Sevilla (ISBN 978-84-613-3428-5).<\/li>\n<\/ul>\n<h5 style=\"text-align: justify\"><strong>2008<\/strong><\/h5>\n<hr \/>\n<p>\u00a0<\/p>\n<ul style=\"text-align: justify\">\n<li>Nogu\u00e9s-Pedregal, A.M. (2008):\u00a0<a href=\"http:\/\/www.ugr.es\/~pwlac\/G24_26AntonioMiguel_Nogues_Pedregal.html\" target=\"_blank\" rel=\"noopener\">\u201cPoder pol\u00edtico local y urbanismo en entornos tur\u00edsticos. La mediaci\u00f3n del espacio tur\u00edstico en la producci\u00f3n de significados\u201d<\/a>.\u00a0<a href=\"http:\/\/www.ugr.es\/~pwlac\/Welcome.html\" target=\"_blank\" rel=\"noopener\">Gazeta de Antropolog\u00eda<\/a>, 24. Granada (ISSN: 0214-7564).<\/li>\n<\/ul>\n<ul style=\"text-align: justify\">\n<li>Nogu\u00e9s-Pedregal, A.M. (2008):\u00a0<a href=\"https:\/\/www.academia.edu\/542620\/A_tauromachian_controversy_over_identities._The_mediation_of_tourism_space_in_the_negotiation_of_meanings\" target=\"_blank\" rel=\"noopener\">\u201cA tauromachian controversy over identities. The mediation of tourism space in the negotiation of meanings\u201d<\/a>.<em>\u00a0En<\/em>\u00a0J. Repi\u010d, A. Bartulovi\u0107 and K. Sajovec Altshul (eds.),\u00a0<a href=\"http:\/\/etnologija.etnoinfolab.org\/en\/informacija.asp?id_meta_type=73&amp;id_informacija=218\" target=\"_blank\" rel=\"noopener\"><em>Zupani\u010d\u2019s Collection 28: Mess and Ramses II. Mediterranean Ethnological Summer School<\/em><\/a>, vol. 7. Pp. 221-238. University of Ljubljana (ISBN 978-961-237-279-8).<\/li>\n<\/ul>\n<ul style=\"text-align: justify\">\n<li>Nogu\u00e9s-Pedregal, A.M. (2008):\u00a0<a href=\"http:\/\/demogob.umh.es\/files\/2010\/07\/2008_Libro_CABI-Burns.pdf\" target=\"_blank\" rel=\"noopener\"><em>A contextual approach to the power relation between tourism and development<\/em><\/a>. En P. Burns and M. Novelli (coords.)\u00a0<a href=\"http:\/\/bookshop.cabi.org\/default.aspx?site=191&amp;page=2633&amp;pid=2096\" target=\"_blank\" rel=\"noopener\">Tourism and development: growth, myths and inequalities<\/a>. Pp. 141-158. CAB International, Wallingford (ISBN 978-1-845934255).<\/li>\n<\/ul>\n<ul style=\"text-align: justify\">\n<li>Nogu\u00e9s-Pedregal, A.M. (2008):\u00a0<em><a href=\"http:\/\/demogob.umh.es\/files\/2010\/10\/2008_Prisma.pdf\" target=\"_blank\" rel=\"noopener\">La relaci\u00f3n entre turismo y cultura<\/a><\/em>. En\u00a0<a href=\"http:\/\/prisma2.org.sv\/web\/publicacion_detalle.php?id=352\" target=\"_blank\" rel=\"noopener\">Encuentro Turismo y Patrimonio Cultural en Centroam\u00e9rica<\/a>\u00a0organizado por\u00a0<a href=\"http:\/\/prisma2.org.sv\/web\/home.php\" target=\"_blank\" rel=\"noopener\">PRISMA: Programa Salvadore\u00f1o de Investigaci\u00f3n sobre Desarrollo y Medioambiente<\/a>, celebrado en San Salvador los d\u00edas 7 y 8 de febrero de 2008.<\/li>\n<\/ul>\n<h5 style=\"text-align: justify\"><strong>2007<\/strong><\/h5>\n<hr \/>\n<p>\u00a0<\/p>\n<ul style=\"text-align: justify\">\n<li>Nogu\u00e9s-Pedregal, A.M. (2007):\u00a0<a href=\"http:\/\/culturdes.umh.es\/files\/2010\/07\/2007_Topolog%C3%ADa-social.pdf\" target=\"_blank\" rel=\"noopener\">\u201cQuiz\u00e1s una cuesti\u00f3n de topolog\u00eda social: Moebius, la interculturalidad y los residentes europeos en Alicante\u201d<\/a>.\u00a0<em><a href=\"http:\/\/www.museuvalenciaetnologia.es\/ca\/fondos\/revista-valenciana-d%27etnologia\" target=\"_blank\" rel=\"noopener\">Revista Valenciana d\u2019Etnolog\u00eda<\/a><\/em>, 2: 33-58. Valencia (ISSN 1885-1533).<\/li>\n<\/ul>\n<ul style=\"text-align: justify\">\n<li>Nogu\u00e9s-Pedregal, A.M. (2007):\u00a0<a href=\"http:\/\/culturdes.umh.es\/files\/2012\/07\/2007_M%C3%A9xico_Playas_Puerto.pdf\" target=\"_blank\" rel=\"noopener\">Lugares y territorios: la segregaci\u00f3n social y pol\u00edtica en contextos tur\u00edsticos\u201d<\/a>.\u00a0<em>En<\/em>\u00a0D. Lagunas (coord.)\u00a0<em><a href=\"http:\/\/www.plazayvaldes.es\/libro\/antropologia-y-turismo\/1257\/\" target=\"_blank\" rel=\"noopener\"><em>Antropolog\u00eda y turismo. Claves culturales y disciplinares<\/em><\/a><\/em>. P\u00e1gs. 165-184. Plaza y Vald\u00e9s, M\u00e9xico D.F. (ISBN 978-970-722-626-5).<\/li>\n<\/ul>\n<h5 style=\"text-align: justify\"><strong>2006<\/strong><\/h5>\n<hr \/>\n<p>\u00a0<\/p>\n<ul style=\"text-align: justify\">\n<li>Nogu\u00e9s-Pedregal, A.M. (2006):\u00a0<em><a href=\"http:\/\/demogob.umh.es\/files\/2012\/07\/2006_Patrimonio_desarrollo.pdf\" target=\"_blank\" rel=\"noopener\">\u2018Dar valor\u2019 y \u2018Poner en valor\u2019. Dos estrategias para el desarrollo significativo del patrimonio en contextos tur\u00edsticos<\/a><\/em>. En G. Mu\u00f1oz Cosme y C. Vidal Lorenzo (coords.)\u00a0<em>Actas del II Congreso Internacional de Patrimonio Cultural y Cooperaci\u00f3n al Desarrollo<\/em>. P\u00e1gs. 291-311. Universidad Polit\u00e9cnica de Valencia, Valencia (ISBN 84-8363-065-6).<\/li>\n<\/ul>\n<h5 style=\"text-align: justify\"><strong>2005<\/strong><\/h5>\n<hr \/>\n<p>\u00a0<\/p>\n<ul style=\"text-align: justify\">\n<li>Nogu\u00e9s-Pedregal, A.M. (2005)\u00a0<a href=\"https:\/\/www.academia.edu\/542625\/Etnografias_de_la_globalizacion_como_pensar_el_turismo_desde_la_antropologia\" target=\"_blank\" rel=\"noopener\">\u201cEtnograf\u00edas de la globalizaci\u00f3n. C\u00f3mo pensar el turismo desde la antropolog\u00eda\u201d<\/a>.\u00a0<em>Archipi\u00e9lago. Cuadernos de cr\u00edtica de la cultura<\/em>, 68: 33-38. (ISSN 0214-2686)<\/li>\n<\/ul>\n<ul style=\"text-align: justify\">\n<li>Nogu\u00e9s-Pedregal, A.M. (2003):\u00a0<a href=\"http:\/\/culturdes.umh.es\/publicaciones\/libro-cultura-y-turismo\" target=\"_blank\" rel=\"noopener\"><em>Cultura y turismo<\/em>.\u00a0<\/a><a href=\"http:\/\/www.signaturaediciones.com\/antropologia%20marco.htm\" target=\"_blank\" rel=\"noopener\">Signatura Ediciones de Andaluc\u00eda<\/a>. Sevilla, 2003. (ISBN 84-95122-57-X).<\/li>\n<\/ul>\n<h5 style=\"text-align: justify\"><strong>Pre \u2013 2000<\/strong><\/h5>\n<hr \/>\n<p>\u00a0<\/p>\n<ul>\n<li style=\"text-align: justify\">Nogu\u00e9s-Pedregal, A.M. (1995):\u00a0<a href=\"https:\/\/www.academia.edu\/543255\/Antropologia_y_turismo_rural_una_contingencia_necesaria\" target=\"_blank\" rel=\"noopener\">\u201cAntropolog\u00eda y turismo rural. Una contingencia necesaria\u201d<\/a>.\u00a0<em><a href=\"http:\/\/www.ugr.es\/~pwlac\/G11_08AntonioMiguel_Nogues_Pedregal.html\" target=\"_blank\" rel=\"noopener\">Gazeta de Antropolog\u00eda<\/a><\/em>, 11:66-70. Sevilla. (ISSN: 0214-7564)<\/li>\n<\/ul>\n<ul>\n<li style=\"text-align: justify\">Nogu\u00e9s-Pedregal, A.M. (1994):\u00a0<a href=\"http:\/\/culturdes.umh.es\/files\/2012\/07\/1994_Dem%C3%B3filo_13_Fiestas_Turismo_Zahara.pdf\" target=\"_blank\" rel=\"noopener\">\u201cFiestas, turismo e identidad en Zahara de los Atunes\u201d<\/a>.\u00a0<em><a href=\"http:\/\/www.fundacionmachado.com\/index.php?option=com_content&amp;view=article&amp;id=19&amp;Itemid=7\" target=\"_blank\" rel=\"noopener\">Dem\u00f3filo<\/a><\/em>, 13:157-166. Sevilla. (ISSN: 1133-8032)<\/li>\n<\/ul>\n<p>[\/et_pb_text][\/et_pb_column][\/et_pb_row][\/et_pb_section][et_pb_section fb_built=&#8221;1&#8243; theme_builder_area=&#8221;post_content&#8221; _builder_version=&#8221;4.17.4&#8243; _module_preset=&#8221;default&#8221;][et_pb_row _builder_version=&#8221;4.17.4&#8243; _module_preset=&#8221;default&#8221; theme_builder_area=&#8221;post_content&#8221;][et_pb_column _builder_version=&#8221;4.17.4&#8243; _module_preset=&#8221;default&#8221; theme_builder_area=&#8221;post_content&#8221;][:es _i=&#8221;0&#8243; _address=&#8221;0&#8243; theme_builder_area=&#8221;post_content&#8221; \/][:en _i=&#8221;4&#8243; _address=&#8221;4&#8243; theme_builder_area=&#8221;post_content&#8221; \/][: _i=&#8221;8&#8243; _address=&#8221;8&#8243; theme_builder_area=&#8221;post_content&#8221; \/][\/et_pb_column][\/et_pb_row][\/et_pb_section]<\/p>\n","protected":false},"excerpt":{"rendered":"<p>Publicaciones Informaci\u00f3n sobre Publicaciones ORDEN CRONOL\u00d3GICO (2016-2020) 2020 Abell\u00e1n, M.A. y Belmonte, I. (2020). \u201cSistema pol\u00edtico y rendici\u00f3n de cuentas:\u00a0el caso de un \u00f3rgano de control externo auton\u00f3mico\u201d. En Belmonte. I. (dir.). El sistema pol\u00edtico Espa\u00f1ol entre la memoria y el devenir. Valencia: Tirant Lo Blanch, 256-276. Conejero, E. y Segura, M.C. (2020). \u201cGobernanza Global [&hellip;]<\/p>\n","protected":false},"author":16286,"featured_media":0,"parent":0,"menu_order":0,"comment_status":"closed","ping_status":"closed","template":"","meta":{"_et_pb_use_builder":"on","_et_pb_old_content":"<h5 style=\"text-align: justify;\"><strong>2019<\/strong><\/h5><hr \/><ul><li>Cruces, R., & Nogu\u00e9s-Pedregal, A.M., (2019): \"<em>Rethinking the body in the touristic scenario: the elusiveness of embodying disability into tourism<\/em>\".\u00a0<span lang=\"en-GB\"><em>Advances in Tourism and Anthropology<\/em>.\u00a0<\/span><span lang=\"en-GB\">Routledge: London<\/span><\/li><\/ul><ul><li>Soler Garc\u00eda, C. (2019):\u00a0<a href=\"http:\/\/culturdes.edu.umh.es\/wp-content\/uploads\/sites\/1342\/2019\/09\/El-enfoque-intercultural-en-Espa\u00f1a_SOLER.pdf\"><em>El enfoque intercultural en Espa\u00f1a. Una propuesta para la gesti\u00f3n de la diversidad de los inmigrantes<\/em>.\u00a0<\/a>En: Enr\u00edquez F. y Ram\u00f3n, G.\u00a0<a href=\"https:\/\/abyayala.org\/Abyayala2018\/producto\/territorio-identidad-e-interculturalidad\/\">Territorio, identidad e interculturalidad<\/a>. Quito: Abya Yala y CONGOPE, pp. 193-215.<\/li><\/ul><ul style=\"text-align: justify;\"><li style=\"text-align: justify;\">Nogu\u00e9s-Pedregal, A.M. (2019):\u00a0<a href=\"https:\/\/doi.org\/10.1016\/j.annals.2019.02.005\" target=\"_blank\"><em>Anthropological contributions to tourism studies<\/em>.<\/a>\u00a0<em>Annals of Tourism Research<\/em>, vol. 75, p\u00e1gs. 227-237. Accesible de manera gratuita hasta el 13 de abril de 2019 en\u00a0<a href=\"https:\/\/authors.elsevier.com\/a\/1YcMsaZ3ER7Pn\" target=\"_blank\" rel=\"noopener\">este v\u00ednculo<\/a>.<\/li><\/ul><ul style=\"text-align: justify;\"><li style=\"text-align: justify;\">Trav\u00e9 Molero, R. y Milano, C. (2019):\u00a0<em><a href=\"http:\/\/www.pasosonline.org\/es\/colecciones\/pasos-edita\/162-numero-23-de-dos-orillas-imagen-y-experiencia-en-el-turismo\">De dos orillas: imagen y experiencia en el turismo<\/a><\/em>. El Sauzal, Tenerife: Pasos Edita.<\/li><\/ul><h5><strong>2018<\/strong><\/h5><hr \/><ul><li>Selstad, L., Nogu\u00e9s-Pedregal, A.M. y J.Kr. Steen Jacobsen (2018):\u00a0<a href=\"https:\/\/doi.org\/10.1080\/14766825.2018.1540631\"><em>\u00abPractices In-Between: Norwegian Long-Term Visitors in Mediterranean Spain\u00bb<\/em><\/a>.\u00a0<a href=\"https:\/\/www.tandfonline.com\/toc\/rtcc20\/current\"><em>J<\/em><i>ournal of Tourism and Cultural Change<\/i><\/a>, vol. 16, p\u00e1gs. 14-35<\/li><\/ul><h5><strong>2017<\/strong><\/h5><hr \/><ul><li style=\"text-align: justify;\">Nogu\u00e9s-Pedregal, A.M., Trav\u00e9-Molero. R. y Carmona-Zubir, D. (2017):\u00a0<em><a href=\"https:\/\/doi.org\/10.15378\/1848-9540.2017.40.02\" target=\"_blank\">Thinking against 'Empty shells' in tourism development projects.<\/a>\u00a0<a href=\"https:\/\/hrcak.srce.hr\/\" target=\"blank\">Etnolo\u0161ka tribina : Godi\u0161njak Hrvatskog etnolo\u0161kog dru\u0161tva<\/a><\/em>, vol. 47, p\u00e1gs. 88-108.<\/li><li style=\"text-align: justify;\">Steen Jacobsen, J.Kr. y\u00a0Nogu\u00e9s-Pedregal, A.M.\u00a0<a href=\"http:\/\/dx.doi.org\/10.1108\/TR-03-2017-0056\"><em>\u00abAt home away or arrived in Spain: translocalism and neighbourhood social circles among long-term visitors in Costa Blanca leisurescapes\u00bb<\/em><\/a>.\u00a0<a href=\"https:\/\/www.emerald.com\/insight\/publication\/issn\/1660-5373\"><em>Tourism Review<\/em><\/a>, vol 72(3), p\u00e1gs. 288- 302.<\/li><\/ul><h5 style=\"text-align: justify;\"><strong>2016<\/strong><\/h5><hr \/><ul><li>Nogu\u00e9s-Pedregal, Antonio Miguel, Ana Myriam Seva-Llor; Daniel Camona Zubiri, Ra\u00fal Trav\u00e9 Molero, \u00c1ngela Bernabeu Sanz, Roland Calvo Calabuig, Elpidio del Campo Ca\u00f1izares, Eduardo Fern\u00e1ndez Jover, Olga Pellicer Porcar & Santiago Canals (2016):\u00a0<a href=\"http:\/\/www.seaf.net\/images\/seaf\/papers\/vol37\/3-nogues.pdf\" target=\"_blank\">\u00abDe la cultura al cerebro y viceversa. Bit\u00e1cora de una exploraci\u00f3n en neuroantropolog\u00eda\u00bb<\/a>.\u00a0<a href=\"http:\/\/seaf.es\/index.php\/revista-reaf\" target=\"_blank\">Revista Espa\u00f1ola de Antropolog\u00eda F\u00edsica<\/a>, 37:28-42.<\/li><\/ul><ul><li>Trav\u00e9-Molero, R., D. Carmona-Zubiri & A.M. Nogu\u00e9s-Pedregal (2016):\u00a0<a href=\"https:\/\/www.researchgate.net\/publication\/311698439_Discursos_periodisticos_y_practicas_comunicativas_alrededor_del_turismo_El_caso_de_Portman_Region_de_Murcia\" target=\"_blank\">\u00abDiscursos period\u00edsticos y pr\u00e1cticas comunicativas alrededor del turismo. El caso de Portm\u00e1n (Regi\u00f3n de Murcia)\u00bb<\/a>.\u00a0<em><a href=\"http:\/\/www.antropologia.cat\/taxonomy\/term\/160\" target=\"_blank\">Quaderns del Institut Catal\u00e0 d\u2019Antropologia<\/a><\/em>, 32: 95-122<\/li><\/ul><ul style=\"text-align: justify;\"><li>Nogu\u00e9s-Pedregal, A.M. (2016):\u00a0<a href=\"https:\/\/www.academia.edu\/32715646\/Entre_el_lentisco_y_la_jara._Cinco_conclusiones_socio-antropol%C3%B3gicas_sobre_el_turismo\" target=\"_blank\">\u00abEntre el lentisco y la jara. Cinco conclusiones socio-antropol\u00f3gicas sobre el turismo\u00bb<\/a>.\u00a0<em><a href=\"http:\/\/www.antropologia.cat\/taxonomy\/term\/160\" target=\"_blank\">Quaderns del Institut Catal\u00e0 d\u2019Antropologia<\/a><\/em>, 32: 29-50<\/li><\/ul><h5 style=\"text-align: justify;\"><strong>2015<\/strong><\/h5><hr \/><ul style=\"text-align: justify;\"><li>Carmona-Zubiri, D., R. Trav\u00e9-Molero & A.M. Nogu\u00e9s-Pedregal (2015):\u00a0<a href=\"http:\/\/www.revistaandaluzadeantropologia.org\/uploads\/raa\/n8\/nogues.pdf\" target=\"_blank\">\u00abLos misterios del patrimonio y el turismo en Elche. Lo global (UNESCO) en lo local (identidad)\u00bb<\/a>.\u00a0<a href=\"http:\/\/www.revistaandaluzadeantropologia.org\/\" target=\"_blank\"><em>Revista Andaluza de Antropolog\u00eda<\/em><\/a>, 8: 113-140<\/li><\/ul><ul style=\"text-align: justify;\"><li>Cruces, R., (2015):\u00a0<em><a href=\"https:\/\/www.emeraldinsight.com\/doi\/full\/10.1108\/JTF-04-2015-0018\">Removing \u2018invisible\u2019 barriers: opening paths towards the future of accessible tourism<\/a><\/em>.\u00a0<a href=\"https:\/\/www.emeraldinsight.com\/journal\/jtf\">Journal of Tourism Futures<\/a>, Vol I, Iss 3, pp. 269-284.<\/li><\/ul><ul style=\"text-align: justify;\"><li style=\"text-align: justify;\">Nogu\u00e9s-Pedregal, A.M. (2015):\u00a0<a href=\"http:\/\/culturdes.umh.es\/2015\/07\/15\/libro-etnografia-bajo-un-espacio-turistico\/\" target=\"_blank\"><em>Etnograf\u00eda bajo un espacio tur\u00edstico. Sus procesos de configuraci\u00f3n<\/em>.\u00a0<\/a>El Sauzal: Pasos Edita.<\/li><\/ul><h5 style=\"text-align: justify;\"><strong>2014<\/strong><\/h5><hr \/><ul><li>Soler-Garc\u00eda, C., E. Caballero-Segarra & A.M. Nogu\u00e9s-Pedregal, coordinadores (2014):\u00a0<a href=\"http:\/\/culturdes.umh.es\/publicaciones\/cantera-debate\" target=\"_blank\"><em>Conversatorio sobre interculturalidad y desarrollo<\/em><\/a>.\u00a0<a href=\"http:\/\/culturdes.umh.es\/publicaciones\/cantera-editorial\" target=\"_blank\">Cantera Editorial<\/a>, Elche.<\/li><\/ul><ul style=\"text-align: justify;\"><li style=\"text-align: justify;\">Nogu\u00e9s-Pedregal, A.M. (2014):\u00a0<a href=\"http:\/\/www.schoeningh.de\/katalog\/titel\/978-3-506-77977-9.html\" target=\"_blank\"><em>Three Epistemological Approaches to the Study of Tourism in Spanish Social Anthropology<\/em><\/a>.\u00a0<em>Jahrbuch f\u00fcr Europ\u00e4ische Ethnologie Dritte Folge<\/em>, 9: 166-191.<\/li><\/ul><h5 style=\"text-align: justify;\"><strong>2013<\/strong><\/h5><hr \/><ul style=\"text-align: justify;\"><li>20. Caballero Segarra, E. C. G\u00f3mez S\u00e1nchez, C. Soler Garc\u00eda y A.M. Nogu\u00e9s Pedregal (2012):\u00a0<a href=\"https:\/\/www.academia.edu\/5839037\/El_debilitamiento_de_la_AOD_en_Espa%C3%B1a_vista_desde_el_contexto_universitario\" target=\"_blank\">\u00abEl debilitamiento de la AOD en Espa\u00f1a vista desde el contexto universitario\u00bb<\/a>. En\u00a0<em>Los nuevos retos para la investigaci\u00f3n en turismo y cooperaci\u00f3n<\/em>, I. Sariego L\u00f3pez (coord.), pp. 68-79. Escuela Universitaria de Turismo \u2018Altamira\u2019 CESTE, Santander.<\/li><\/ul><h5 style=\"text-align: justify;\"><strong>2012<\/strong><\/h5><hr \/><ul style=\"text-align: justify;\"><li>Nogu\u00e9s-Pedregal, A.M. (2012):\u00a0<a href=\"http:\/\/revistas.ucm.es\/index.php\/RASO\/article\/view\/40053\/38483\" target=\"_blank\">\u00abEl cronotopo del turismo: espacios y ritmos\u00bb<\/a>. <<a href=\"http:\/\/revistas.ucm.es\/index.php\/RASO\" target=\"_blank\"><em>Revista de Antropolog\u00eda Social<\/em><\/a>, 21: 147-171, Universidad Complutense de Madrid. (ISSN 1131-558X)<\/li><\/ul><ul style=\"text-align: justify;\"><li style=\"text-align: justify;\">Nogu\u00e9s-Pedregal, A.M. (Ed.) (2012):\u00a0<a href=\"http:\/\/culturdes.umh.es\/publicaciones\/antropologia-y-turismo\/book-culture-and-society-in-tourism-contexts\" target=\"_blank\"><em>Culture and Society in Tourism Contexts<\/em>.\u00a0<\/a>Bingley (UK): Emerald Group Publishing Limited.\u00a0<a href=\"http:\/\/culturdes.edu.umh.es\/wp-content\/uploads\/sites\/1342\/2018\/05\/2012_Preface_TSSS-17.pdf\" target=\"_blank\"><strong>Preface<\/strong><\/a>: \"This PDF is \u00a9\r\n Emerald Group Publishing Limited and is provided for your own personal use only. It may not be used for resale, reprinting, systematic distribution, emailing, web hosting, including institutional repositories\/archives or for any other commercial purpose without the permission of the publisher\".<\/li><\/ul><h5 style=\"text-align: justify;\"><strong>2011<\/strong><\/h5><hr \/><ul style=\"text-align: justify;\"><li>Nogu\u00e9s-Pedregal, A.M. (2011): Traducci\u00f3n al castellano de\u00a0<a href=\"http:\/\/culturdes.umh.es\/publicaciones\/libro-lidiar-con-turistas-reacciones-europeas-al-turismo-en-masa\" target=\"_blank\"><em>Lidiar con turistas. Reacciones europeas al turismo de masas<\/em><\/a>\u00a0(Jeremy Boissevain, Ed. Bellaterra, Barcelona, 2011) (ISBN 978-84-7290-554-2)<\/li><\/ul><ul style=\"text-align: justify;\"><li>Caballero-Segarra, E., C. Soler-Garc\u00eda & A.M. Nogu\u00e9s-Pedregal (2011):\u00a0<a href=\"https:\/\/www.academia.edu\/1218049\/CULTURDES_UMH_el_desarrollo_de_acciones_para_mejorar_los_instrumentos_de_la_cooperaci%C3%B3n_internacional_desde_un_grupo_de_investigaci%C3%B3n_universitario\" target=\"_blank\">\u00abCULTURDES \u2013 UMH: el desarrollo de acciones para mejorar los instrumentos de la cooperaci\u00f3n internacional desde un grupo de investigaci\u00f3n universitario\u00bb<\/a>. Comunicaci\u00f3n presentada en el\u00a0<em>V Congreso Universidad y Cooperaci\u00f3n<\/em>\u00a0celebrado en C\u00e1diz del 6 al 8 de abril de 2011.<\/li><\/ul><h5 style=\"text-align: justify;\"><strong>2010<\/strong><\/h5><hr \/><ul style=\"text-align: justify;\"><li>Soler-Garc\u00eda, C., E. Caballero-Segarra & A.M. Nogu\u00e9s-Pedregal (2010):\u00a0<a href=\"https:\/\/www.academia.edu\/1217830\/Cultura_turismo_y_desarrollo_o_c%C3%B3mo_la_cultura_se_diluye_con_el_patrimonio_cultural\" target=\"_blank\">\u00abCultura, turismo y desarrollo o c\u00f3mo la cultura se diluye con el patrimonio cultural en contextos de desarrollo\u00bb<\/a>, En Actas del\u00a0<a href=\"http:\/\/www.patrimonioydesarrollo.es\/\" target=\"_blank\">IV Congreso Internacional de Patrimonio Cultural y Cooperaci\u00f3n al Desarrollo<\/a>, p\u00e1gs. 389-394. Instituto Andaluz del Patrimonio Hist\u00f3rico \u2013 IAPH \u2013 Sevilla (ISBN:978-84-482-4011-0).<\/li><\/ul><ul style=\"text-align: justify;\"><li>Nogu\u00e9s-Pedregal, A.M., E. Caballero-Segarra, E. & C. Soler-Garc\u00eda (2010):\u00a0<a href=\"https:\/\/www.academia.edu\/542623\/Turismo_y_cooperaci%C3%B3n_al_desarrollo_qu%C3%A9_papel_desempe%C3%B1a_la_cultura_en_esta_relaci%C3%B3n\" target=\"_blank\">\u00abTurismo y (cooperaci\u00f3n al) desarrollo: qu\u00e9 papel desempe\u00f1a la cultura en esta relaci\u00f3n\u00bb<\/a>. En M. Nel\u00b7lo (coord.) Actas\u00a0<a href=\"http:\/\/congrescoodtur.org\/2009\/es\/\" target=\"_blank\">I Congreso COODTUR \u2013 Red Internacional de Investigadores en Turismo, Cooperaci\u00f3n y Desarrollo<\/a>. Universitat Rovira i Virigili, Tarragona (ISBN: 978-84-693-8085-7).<\/li><\/ul><ul style=\"text-align: justify;\"><li>Nogu\u00e9s-Pedregal, A.M. & D. Carmona-Zubiri (2010):\u00a0<a href=\"http:\/\/culturdes.edu.umh.es\/wp-content\/uploads\/sites\/1342\/2015\/04\/2010_abstract_Goteborg.pdf\" target=\"_blank\">\u201cHistory and meaning in tourism contexts. The case of a two World Heritage city\u201d<\/a>. Paper presented at the\u00a0<a href=\"http:\/\/www.isa-sociology.org\/congress2010\/\" target=\"_blank\">XVII World Congress of Sociology<\/a>\u00a0(G\u00f6teborg \u2013 Sweden, july 2010).<\/li><\/ul><ul style=\"text-align: justify;\"><li>Carmona-Zubiri, D, & A.M. Nogu\u00e9s-Pedregal (2010):\u00a0<a href=\"http:\/\/culturdes.umh.es\/files\/2010\/07\/2010_%C3%89vora.pdf\" target=\"_blank\"><em>Coping with two World Heritages. The Unesco declarations and local identity in Elche<\/em><\/a>. En\u00a0<em>Heritage 2010. Heritage and sustainable development<\/em>, R. Am\u00f4eda, S. Liria y C. Pinheiro (coords.) Vol2, , p\u00e1gs. 769-776. Green Lines Instituto para o Desenvolvimento Sustent\u00e1vel, Barcelos \u2013 Portugal (ISBN 978-989-95671-3-9). (Paper presented at the\u00a0<a href=\"http:\/\/www.heritage2010.greenlines-institute.org\/\" target=\"_blank\">II Heritage and sustainable development<\/a>\u00a0(\u00c9vora \u2013 Portugal, junio 2010).<\/li><\/ul><h5 style=\"text-align: justify;\"><strong>2009<\/strong><\/h5><hr \/><ul style=\"text-align: justify;\"><li>Nogu\u00e9s-Pedregal, A.M. (Coord.) (2009):\u00a0<a href=\"http:\/\/pasosonline.org\/Publicados\/7109\/PS0109_4.pdf\" target=\"_blank\">\u201cGenealog\u00eda de la dif\u00edcil relaci\u00f3n entre antropolog\u00eda social y turismo\u201d<\/a>.\u00a0<a href=\"http:\/\/www.pasosonline.org\/\" target=\"_blank\">Pasos. Revista de turismo y patrimonio cultural<\/a>, 7(1): 43-56, Universidad de La Laguna. (ISSN 1695-7121)<\/li><\/ul><ul style=\"text-align: justify;\"><li>Jacobsen, J.Kr.S., L. Selstad y A.M. Nogu\u00e9s-Pedregal (2009):\u00a0<a href=\"http:\/\/dx.doi.org\/10.1080\/14766820903259501\" target=\"_blank\">\u201cIntroverts abroad? Long-term visitors\u2019 adaptations to the multicultural tourism context of Costa Blanca, Spain\u201d<\/a>\u201c.\u00a0<a href=\"http:\/\/www.tandf.co.uk\/journals\/rtcc\" target=\"_blank\"><em>Journal of Tourism and Cultural Change<\/em><\/a>, 7(3):190-202, 2009 (ISSN 1747-7654).<\/li><\/ul><ul style=\"text-align: justify;\"><li>Nogu\u00e9s-Pedregal, A.M. (2009):\u00a0<a href=\"http:\/\/culturdes.edu.umh.es\/wp-content\/uploads\/sites\/1342\/2010\/07\/2009_Ocio_Fin_campesinado.pdf\" target=\"_blank\">\u201cOcio y tiempo festivo: del trabajo de sol a sol a la imperiosa necesidad de vacaciones\u201d<\/a>.\u00a0<em>En<\/em>\u00a0S. Rodr\u00edguez Becerra y C. Mac\u00edas S\u00e1nchez (coords),\u00a0<a href=\"http:\/\/www.centrodeestudiosandaluces.es\/?mod=publicaciones&id=2412&cat=42&idm=\" target=\"_blank\"><em>El fin del campesinado: transformaciones culturales de la sociedad rural andaluza en la segunda mitad del siglo XX<\/em><\/a>. Pp. 195-218. Centro de Estudios Andaluces-Junta de Andaluc\u00eda, Sevilla (ISBN 978-84-613-3428-5).<\/li><\/ul><h5 style=\"text-align: justify;\"><strong>2008<\/strong><\/h5><hr \/><ul style=\"text-align: justify;\"><li>Nogu\u00e9s-Pedregal, A.M. (2008):\u00a0<a href=\"http:\/\/www.ugr.es\/~pwlac\/G24_26AntonioMiguel_Nogues_Pedregal.html\" target=\"_blank\">\u201cPoder pol\u00edtico local y urbanismo en entornos tur\u00edsticos. La mediaci\u00f3n del espacio tur\u00edstico en la producci\u00f3n de significados\u201d<\/a>.\u00a0<a href=\"http:\/\/www.ugr.es\/~pwlac\/Welcome.html\" target=\"_blank\">Gazeta de Antropolog\u00eda<\/a>, 24. Granada (ISSN: 0214-7564).<\/li><\/ul><ul style=\"text-align: justify;\"><li>Nogu\u00e9s-Pedregal, A.M. (2008):\u00a0<a href=\"https:\/\/www.academia.edu\/542620\/A_tauromachian_controversy_over_identities._The_mediation_of_tourism_space_in_the_negotiation_of_meanings\" target=\"_blank\">\u201cA tauromachian controversy over identities. The mediation of tourism space in the negotiation of meanings\u201d<\/a>.<em>\u00a0En<\/em>\u00a0J. Repi\u010d, A. Bartulovi\u0107 and K. Sajovec Altshul (eds.),\u00a0<a href=\"http:\/\/etnologija.etnoinfolab.org\/en\/informacija.asp?id_meta_type=73&id_informacija=218\" target=\"_blank\"><em>Zupani\u010d\u2019s Collection 28: Mess and Ramses II. Mediterranean Ethnological Summer School<\/em><\/a>, vol. 7. Pp. 221-238. University of Ljubljana (ISBN 978-961-237-279-8).<\/li><\/ul><ul style=\"text-align: justify;\"><li>Nogu\u00e9s-Pedregal, A.M. (2008):\u00a0<a href=\"http:\/\/culturdes.edu.umh.es\/wp-content\/uploads\/sites\/1342\/2010\/07\/2008_Libro_CABI-Burns.pdf\" target=\"_blank\"><em>A contextual approach to the power relation between tourism and development<\/em><\/a>. En P. Burns and M. Novelli (coords.)\u00a0<a href=\"http:\/\/bookshop.cabi.org\/default.aspx?site=191&page=2633&pid=2096\" target=\"_blank\">Tourism and development: growth, myths and inequalities<\/a>. Pp. 141-158. CAB International, Wallingford (ISBN 978-1-845934255).<\/li><\/ul><ul style=\"text-align: justify;\"><li>Nogu\u00e9s-Pedregal, A.M. (2008):\u00a0<em><a href=\"http:\/\/culturdes.edu.umh.es\/wp-content\/uploads\/sites\/1342\/2010\/10\/2008_Prisma.pdf\" target=\"_blank\">La relaci\u00f3n entre turismo y cultura<\/a><\/em>. En\u00a0<a href=\"http:\/\/prisma2.org.sv\/web\/publicacion_detalle.php?id=352\" target=\"_blank\">Encuentro Turismo y Patrimonio Cultural en Centroam\u00e9rica<\/a>\u00a0organizado por\u00a0<a href=\"http:\/\/prisma2.org.sv\/web\/home.php\" target=\"_blank\">PRISMA: Programa Salvadore\u00f1o de Investigaci\u00f3n sobre Desarrollo y Medioambiente<\/a>, celebrado en San Salvador los d\u00edas 7 y 8 de febrero de 2008.<\/li><\/ul><h5 style=\"text-align: justify;\"><strong>2007<\/strong><\/h5><hr \/><ul style=\"text-align: justify;\"><li>Nogu\u00e9s-Pedregal, A.M. (2007):\u00a0<a href=\"http:\/\/culturdes.umh.es\/files\/2010\/07\/2007_Topolog%C3%ADa-social.pdf\" target=\"_blank\">\u201cQuiz\u00e1s una\r\ncuesti\u00f3n de topolog\u00eda social: Moebius, la interculturalidad y los residentes europeos en Alicante\u201d<\/a>.\u00a0<em><a href=\"http:\/\/www.museuvalenciaetnologia.es\/ca\/fondos\/revista-valenciana-d%27etnologia\" target=\"_blank\">Revista Valenciana d\u2019Etnolog\u00eda<\/a><\/em>, 2: 33-58. Valencia (ISSN 1885-1533).<\/li><\/ul><ul style=\"text-align: justify;\"><li>Nogu\u00e9s-Pedregal, A.M. (2007):\u00a0<a href=\"http:\/\/culturdes.umh.es\/files\/2012\/07\/2007_M%C3%A9xico_Playas_Puerto.pdf\" target=\"_blank\">Lugares y territorios: la segregaci\u00f3n social y pol\u00edtica en contextos tur\u00edsticos\u201d<\/a>.\u00a0<em>En<\/em>\u00a0D. Lagunas (coord.)\u00a0<em><a href=\"http:\/\/www.plazayvaldes.es\/libro\/antropologia-y-turismo\/1257\/\" target=\"_blank\"><em>Antropolog\u00eda y turismo. Claves culturales y disciplinares<\/em><\/a><\/em>. P\u00e1gs. 165-184. Plaza y Vald\u00e9s, M\u00e9xico D.F. (ISBN 978-970-722-626-5).<\/li><\/ul><h5 style=\"text-align: justify;\"><strong>2006<\/strong><\/h5><hr \/><ul style=\"text-align: justify;\"><li>Nogu\u00e9s-Pedregal, A.M. (2006):\u00a0<em><a href=\"http:\/\/culturdes.edu.umh.es\/wp-content\/uploads\/sites\/1342\/2012\/07\/2006_Patrimonio_desarrollo.pdf\" target=\"_blank\">\u2018Dar valor\u2019 y \u2018Poner en valor\u2019. Dos estrategias para el desarrollo significativo del patrimonio en contextos tur\u00edsticos<\/a><\/em>. En G. Mu\u00f1oz Cosme y C. Vidal Lorenzo (coords.)\u00a0<em>Actas del II Congreso Internacional de Patrimonio Cultural y Cooperaci\u00f3n al Desarrollo<\/em>. P\u00e1gs. 291-311. Universidad Polit\u00e9cnica de Valencia, Valencia (ISBN 84-8363-065-6).<\/li><\/ul><h5 style=\"text-align: justify;\"><strong>2005<\/strong><\/h5><hr \/><ul style=\"text-align: justify;\"><li>Nogu\u00e9s-Pedregal, A.M. (2005)\u00a0<a href=\"https:\/\/www.academia.edu\/542625\/Etnografias_de_la_globalizacion_como_pensar_el_turismo_desde_la_antropologia\" target=\"_blank\">\u201cEtnograf\u00edas de la globalizaci\u00f3n. C\u00f3mo pensar el turismo desde la antropolog\u00eda\u201d<\/a>.\u00a0<em>Archipi\u00e9lago. Cuadernos de cr\u00edtica de la cultura<\/em>, 68: 33-38. (ISSN 0214-2686)<\/li><\/ul><ul style=\"text-align: justify;\"><li>Nogu\u00e9s-Pedregal, A.M. (2003):\u00a0<a href=\"http:\/\/culturdes.umh.es\/publicaciones\/libro-cultura-y-turismo\" target=\"_blank\"><em>Cultura y turismo<\/em>.\u00a0<\/a><a href=\"http:\/\/www.signaturaediciones.com\/antropologia%20marco.htm\" target=\"_blank\">Signatura Ediciones de Andaluc\u00eda<\/a>. Sevilla, 2003. (ISBN 84-95122-57-X).<\/li><\/ul><h5 style=\"text-align: justify;\"><strong>Pre \u2013 2000<\/strong><\/h5><hr \/><ul><li style=\"text-align: justify;\">Nogu\u00e9s-Pedregal, A.M. (1995):\u00a0<a href=\"https:\/\/www.academia.edu\/543255\/Antropologia_y_turismo_rural_una_contingencia_necesaria\" target=\"_blank\">\u201cAntropolog\u00eda y turismo rural. Una contingencia necesaria\u201d<\/a>.\u00a0<em><a href=\"http:\/\/www.ugr.es\/~pwlac\/G11_08AntonioMiguel_Nogues_Pedregal.html\" target=\"_blank\">Gazeta de Antropolog\u00eda<\/a><\/em>, 11:66-70. Sevilla. (ISSN: 0214-7564)<\/li><\/ul><ul><li style=\"text-align: justify;\">Nogu\u00e9s-Pedregal, A.M. (1994):\u00a0<a href=\"http:\/\/culturdes.umh.es\/files\/2012\/07\/1994_Dem%C3%B3filo_13_Fiestas_Turismo_Zahara.pdf\" target=\"_blank\">\u201cFiestas, turismo e identidad en Zahara de los Atunes\u201d<\/a>.\u00a0<em><a href=\"http:\/\/www.fundacionmachado.com\/index.php?option=com_content&view=article&id=19&Itemid=7\" target=\"_blank\">Dem\u00f3filo<\/a><\/em>, 13:157-166. Sevilla. (ISSN: 1133-8032)<\/li><\/ul>","_et_gb_content_width":"","_links_to":"","_links_to_target":""},"_links":{"self":[{"href":"https:\/\/demogob.umh.es\/en\/wp-json\/wp\/v2\/pages\/68"}],"collection":[{"href":"https:\/\/demogob.umh.es\/en\/wp-json\/wp\/v2\/pages"}],"about":[{"href":"https:\/\/demogob.umh.es\/en\/wp-json\/wp\/v2\/types\/page"}],"author":[{"embeddable":true,"href":"https:\/\/demogob.umh.es\/en\/wp-json\/wp\/v2\/users\/16286"}],"replies":[{"embeddable":true,"href":"https:\/\/demogob.umh.es\/en\/wp-json\/wp\/v2\/comments?post=68"}],"version-history":[{"count":0,"href":"https:\/\/demogob.umh.es\/en\/wp-json\/wp\/v2\/pages\/68\/revisions"}],"wp:attachment":[{"href":"https:\/\/demogob.umh.es\/en\/wp-json\/wp\/v2\/media?parent=68"}],"curies":[{"name":"wp","href":"https:\/\/api.w.org\/{rel}","templated":true}]}}